{"id":1797,"date":"2022-04-07T10:36:58","date_gmt":"2022-04-07T08:36:58","guid":{"rendered":"https:\/\/espacioaretha.com\/explora\/?post_type=video_serie&#038;p=1797"},"modified":"2025-05-28T13:39:03","modified_gmt":"2025-05-28T11:39:03","slug":"luciano-galimberti-adi","status":"publish","type":"video_serie","link":"https:\/\/espacioaretha.com\/explora\/video-series\/luciano-galimberti-adi\/","title":{"rendered":"Luciano Galimberti"},"content":{"rendered":"\n<p>Para Aretha es un verdadero privilegio poder compartir este tiempo con una persona de tan elevada cultura y conocimiento, pero a su vez cercan\u00eda y amabilidad.&nbsp;<\/p>\n\n\n\n<p>Luciano nos da su visi\u00f3n personal y profesional acerca del Dise\u00f1o con may\u00fasculas, de la trayectoria e importancia hist\u00f3rica de ADI, el Museo ADI&nbsp; y los premios Compasso d\u2019Oro , reconocidos internacionalmente como los Nobel del dise\u00f1o. Y como no, la importancia del Made In Italy en el mundo.&nbsp;<\/p>\n\n\n\n<p>En la segunda parte de la entrevista nos detenemos para analizar la contaminaci\u00f3n&nbsp; positiva entre arquitectura y dise\u00f1o, la importancia de la variable tiempo en arquitectura, y el paperl del ser humano frente al dise\u00f1o ante los nuevos escenarios a los que se enfrente nuestra sociedad.<\/p>\n\n\n\n<p>Por \u00faltimo hablamos de futuro desde una perspectiva que invita a la superaci\u00f3n y los grandes retos de transformaci\u00f3n personal y social donde los aspectos&nbsp; \u00e9ticos deben estar en la&nbsp; base de todo desarrollo, siendo las nuevas generaciones el caldo de cultivo a quienes tenemos la obligaci\u00f3n moral de ense\u00f1ar a creer.<\/p>\n\n\n\n<h2 class=\"wp-block-heading wp-embed-aspect-16-9 wp-has-aspect-ratio\">Disfruta de cada parte de la entrevista<\/h2>\n\n\n\n<h4 class=\"wp-block-heading wp-embed-aspect-16-9 wp-has-aspect-ratio\"><strong>Parte 1 | El Dise\u00f1o<\/strong><\/h4>\n\n\n\n<figure class=\"wp-block-embed is-type-video is-provider-youtube wp-block-embed-youtube wp-embed-aspect-16-9 wp-has-aspect-ratio\"><div class=\"wp-block-embed__wrapper\">\n<div class=\"rwd-video\"><iframe loading=\"lazy\" title=\"Luciano Galimberti  | El Dise\u00f1o\" width=\"500\" height=\"281\" src=\"https:\/\/www.youtube.com\/embed\/WxfRRIASUtE?feature=oembed\" frameborder=\"0\" allow=\"accelerometer; autoplay; clipboard-write; encrypted-media; gyroscope; picture-in-picture; web-share\" referrerpolicy=\"strict-origin-when-cross-origin\" allowfullscreen><\/iframe><\/div>\n<\/div><\/figure>\n\n\n\n<h4 class=\"wp-block-heading\"><strong>Parte 2 | Arquitectura y Dise\u00f1o<\/strong><\/h4>\n\n\n\n<figure class=\"wp-block-embed is-type-video is-provider-youtube wp-block-embed-youtube wp-embed-aspect-16-9 wp-has-aspect-ratio\"><div class=\"wp-block-embed__wrapper\">\n<div class=\"rwd-video\"><iframe loading=\"lazy\" title=\"Luciano Galimberti | Arquitectura y Dise\u00f1o\" width=\"500\" height=\"281\" src=\"https:\/\/www.youtube.com\/embed\/_ceq8TIBGaw?feature=oembed\" frameborder=\"0\" allow=\"accelerometer; autoplay; clipboard-write; encrypted-media; gyroscope; picture-in-picture; web-share\" referrerpolicy=\"strict-origin-when-cross-origin\" allowfullscreen><\/iframe><\/div>\n<\/div><\/figure>\n\n\n\n<h4 class=\"wp-block-heading\"><strong>Parte 3 | El futuro<\/strong><\/h4>\n\n\n\n<figure class=\"wp-block-embed is-type-video is-provider-youtube wp-block-embed-youtube wp-embed-aspect-16-9 wp-has-aspect-ratio\"><div class=\"wp-block-embed__wrapper\">\n<div class=\"rwd-video\"><iframe loading=\"lazy\" title=\"Luciano Galimberti | El futuro\" width=\"500\" height=\"281\" src=\"https:\/\/www.youtube.com\/embed\/SsN001BxxWE?feature=oembed\" frameborder=\"0\" allow=\"accelerometer; autoplay; clipboard-write; encrypted-media; gyroscope; picture-in-picture; web-share\" referrerpolicy=\"strict-origin-when-cross-origin\" allowfullscreen><\/iframe><\/div>\n<\/div><\/figure>\n","protected":false},"excerpt":{"rendered":"<p>Luciano Gallimberti, arquitecto,  Presidente de ADI, la Associazione del Disegno Industriale in Italia, y Presidente del Museo ADI quien nos recibe en el propio Museo ADI para conversar sobre m\u00faltiples aspectos relacionados con el dise\u00f1o, la arquitectura, la cultura, la educaci\u00f3n y el futuro.<\/p>\n","protected":false},"author":6,"featured_media":2625,"template":"","meta":{"footnotes":""},"video_category":[8],"video_tag":[],"class_list":["post-1797","video_serie","type-video_serie","status-publish","has-post-thumbnail","hentry","video_category-un-cafe"],"yoast_head":"<!-- This site is optimized with the Yoast SEO plugin v27.4 - https:\/\/yoast.com\/product\/yoast-seo-wordpress\/ -->\n<title>Un caf\u00e9 con Luciano Galimberti | Aretha Explora<\/title>\n<meta name=\"description\" content=\"Nos adentramos en el museo de la Asociaci\u00f3n de Dise\u00f1o Industrial de Italia (ADI) y conversamos con su presidente Luciano Galimberti.\" \/>\n<meta name=\"robots\" content=\"index, follow, max-snippet:-1, max-image-preview:large, max-video-preview:-1\" \/>\n<link rel=\"canonical\" href=\"https:\/\/espacioaretha.com\/explora\/video-series\/luciano-galimberti-adi\/\" \/>\n<meta property=\"og:locale\" content=\"es_ES\" \/>\n<meta property=\"og:type\" content=\"article\" \/>\n<meta property=\"og:title\" content=\"Un caf\u00e9 con... Luciano Galimberti | Aretha Explora\" \/>\n<meta property=\"og:description\" content=\"Nos trasladamos a Mil\u00e1n para adentrarnos en el museo de la Asociaci\u00f3n de Dise\u00f1o Industrial de Italia y conversar con su presidente Luciano Galimberti.\" \/>\n<meta property=\"og:url\" content=\"https:\/\/espacioaretha.com\/explora\/video-series\/luciano-galimberti-adi\/\" \/>\n<meta property=\"og:site_name\" content=\"Aretha Explora\" \/>\n<meta property=\"article:modified_time\" content=\"2025-05-28T11:39:03+00:00\" \/>\n<meta property=\"og:image\" content=\"https:\/\/espacioaretha.com\/explora\/wp-content\/uploads\/2022\/04\/LUCIANO-CAFE-CON.jpg\" \/>\n\t<meta property=\"og:image:width\" content=\"1080\" \/>\n\t<meta property=\"og:image:height\" content=\"1080\" \/>\n\t<meta property=\"og:image:type\" content=\"image\/jpeg\" \/>\n<meta name=\"twitter:card\" content=\"summary_large_image\" \/>\n<meta name=\"twitter:label1\" content=\"Tiempo de lectura\" \/>\n\t<meta name=\"twitter:data1\" content=\"1 minuto\" \/>\n<script type=\"application\/ld+json\" class=\"yoast-schema-graph\">{\"@context\":\"https:\\\/\\\/schema.org\",\"@graph\":[{\"@type\":\"WebPage\",\"@id\":\"https:\\\/\\\/espacioaretha.com\\\/explora\\\/video-series\\\/luciano-galimberti-adi\\\/\",\"url\":\"https:\\\/\\\/espacioaretha.com\\\/explora\\\/video-series\\\/luciano-galimberti-adi\\\/\",\"name\":\"Un caf\u00e9 con Luciano Galimberti | Aretha Explora\",\"isPartOf\":{\"@id\":\"https:\\\/\\\/espacioaretha.com\\\/explora\\\/#website\"},\"primaryImageOfPage\":{\"@id\":\"https:\\\/\\\/espacioaretha.com\\\/explora\\\/video-series\\\/luciano-galimberti-adi\\\/#primaryimage\"},\"image\":{\"@id\":\"https:\\\/\\\/espacioaretha.com\\\/explora\\\/video-series\\\/luciano-galimberti-adi\\\/#primaryimage\"},\"thumbnailUrl\":\"https:\\\/\\\/espacioaretha.com\\\/explora\\\/wp-content\\\/uploads\\\/2022\\\/04\\\/Luciano-Galimberti-thumbnail.jpg\",\"datePublished\":\"2022-04-07T08:36:58+00:00\",\"dateModified\":\"2025-05-28T11:39:03+00:00\",\"description\":\"Nos adentramos en el museo de la Asociaci\u00f3n de Dise\u00f1o Industrial de Italia (ADI) y conversamos con su presidente Luciano Galimberti.\",\"breadcrumb\":{\"@id\":\"https:\\\/\\\/espacioaretha.com\\\/explora\\\/video-series\\\/luciano-galimberti-adi\\\/#breadcrumb\"},\"inLanguage\":\"es\",\"potentialAction\":[{\"@type\":\"ReadAction\",\"target\":[\"https:\\\/\\\/espacioaretha.com\\\/explora\\\/video-series\\\/luciano-galimberti-adi\\\/\"]}]},{\"@type\":\"ImageObject\",\"inLanguage\":\"es\",\"@id\":\"https:\\\/\\\/espacioaretha.com\\\/explora\\\/video-series\\\/luciano-galimberti-adi\\\/#primaryimage\",\"url\":\"https:\\\/\\\/espacioaretha.com\\\/explora\\\/wp-content\\\/uploads\\\/2022\\\/04\\\/Luciano-Galimberti-thumbnail.jpg\",\"contentUrl\":\"https:\\\/\\\/espacioaretha.com\\\/explora\\\/wp-content\\\/uploads\\\/2022\\\/04\\\/Luciano-Galimberti-thumbnail.jpg\",\"width\":1920,\"height\":1080},{\"@type\":\"BreadcrumbList\",\"@id\":\"https:\\\/\\\/espacioaretha.com\\\/explora\\\/video-series\\\/luciano-galimberti-adi\\\/#breadcrumb\",\"itemListElement\":[{\"@type\":\"ListItem\",\"position\":1,\"name\":\"Portada\",\"item\":\"https:\\\/\\\/espacioaretha.com\\\/explora\\\/\"},{\"@type\":\"ListItem\",\"position\":2,\"name\":\"Video series\",\"item\":\"https:\\\/\\\/espacioaretha.com\\\/explora\\\/video-series\\\/\"},{\"@type\":\"ListItem\",\"position\":3,\"name\":\"Luciano Galimberti\"}]},{\"@type\":\"WebSite\",\"@id\":\"https:\\\/\\\/espacioaretha.com\\\/explora\\\/#website\",\"url\":\"https:\\\/\\\/espacioaretha.com\\\/explora\\\/\",\"name\":\"Aretha Explora\",\"description\":\"Plataforma de contenidos e inspiraci\u00f3n sobre arquitectura, dise\u00f1o y mucho m\u00e1s\",\"publisher\":{\"@id\":\"https:\\\/\\\/espacioaretha.com\\\/explora\\\/#organization\"},\"potentialAction\":[{\"@type\":\"SearchAction\",\"target\":{\"@type\":\"EntryPoint\",\"urlTemplate\":\"https:\\\/\\\/espacioaretha.com\\\/explora\\\/?s={search_term_string}\"},\"query-input\":{\"@type\":\"PropertyValueSpecification\",\"valueRequired\":true,\"valueName\":\"search_term_string\"}}],\"inLanguage\":\"es\"},{\"@type\":\"Organization\",\"@id\":\"https:\\\/\\\/espacioaretha.com\\\/explora\\\/#organization\",\"name\":\"Aretha Explora\",\"alternateName\":\"Aretha\",\"url\":\"https:\\\/\\\/espacioaretha.com\\\/explora\\\/\",\"logo\":{\"@type\":\"ImageObject\",\"inLanguage\":\"es\",\"@id\":\"https:\\\/\\\/espacioaretha.com\\\/explora\\\/#\\\/schema\\\/logo\\\/image\\\/\",\"url\":\"https:\\\/\\\/espacioaretha.com\\\/explora\\\/wp-content\\\/uploads\\\/2022\\\/05\\\/Ojo-web.jpg\",\"contentUrl\":\"https:\\\/\\\/espacioaretha.com\\\/explora\\\/wp-content\\\/uploads\\\/2022\\\/05\\\/Ojo-web.jpg\",\"width\":1920,\"height\":1080,\"caption\":\"Aretha Explora\"},\"image\":{\"@id\":\"https:\\\/\\\/espacioaretha.com\\\/explora\\\/#\\\/schema\\\/logo\\\/image\\\/\"}}]}<\/script>\n<!-- \/ Yoast SEO plugin. -->","yoast_head_json":{"title":"Un caf\u00e9 con Luciano Galimberti | Aretha Explora","description":"Nos adentramos en el museo de la Asociaci\u00f3n de Dise\u00f1o Industrial de Italia (ADI) y conversamos con su presidente Luciano Galimberti.","robots":{"index":"index","follow":"follow","max-snippet":"max-snippet:-1","max-image-preview":"max-image-preview:large","max-video-preview":"max-video-preview:-1"},"canonical":"https:\/\/espacioaretha.com\/explora\/video-series\/luciano-galimberti-adi\/","og_locale":"es_ES","og_type":"article","og_title":"Un caf\u00e9 con... Luciano Galimberti | Aretha Explora","og_description":"Nos trasladamos a Mil\u00e1n para adentrarnos en el museo de la Asociaci\u00f3n de Dise\u00f1o Industrial de Italia y conversar con su presidente Luciano Galimberti.","og_url":"https:\/\/espacioaretha.com\/explora\/video-series\/luciano-galimberti-adi\/","og_site_name":"Aretha Explora","article_modified_time":"2025-05-28T11:39:03+00:00","og_image":[{"width":1080,"height":1080,"url":"https:\/\/espacioaretha.com\/explora\/wp-content\/uploads\/2022\/04\/LUCIANO-CAFE-CON.jpg","type":"image\/jpeg"}],"twitter_card":"summary_large_image","twitter_misc":{"Tiempo de lectura":"1 minuto"},"schema":{"@context":"https:\/\/schema.org","@graph":[{"@type":"WebPage","@id":"https:\/\/espacioaretha.com\/explora\/video-series\/luciano-galimberti-adi\/","url":"https:\/\/espacioaretha.com\/explora\/video-series\/luciano-galimberti-adi\/","name":"Un caf\u00e9 con Luciano Galimberti | Aretha Explora","isPartOf":{"@id":"https:\/\/espacioaretha.com\/explora\/#website"},"primaryImageOfPage":{"@id":"https:\/\/espacioaretha.com\/explora\/video-series\/luciano-galimberti-adi\/#primaryimage"},"image":{"@id":"https:\/\/espacioaretha.com\/explora\/video-series\/luciano-galimberti-adi\/#primaryimage"},"thumbnailUrl":"https:\/\/espacioaretha.com\/explora\/wp-content\/uploads\/2022\/04\/Luciano-Galimberti-thumbnail.jpg","datePublished":"2022-04-07T08:36:58+00:00","dateModified":"2025-05-28T11:39:03+00:00","description":"Nos adentramos en el museo de la Asociaci\u00f3n de Dise\u00f1o Industrial de Italia (ADI) y conversamos con su presidente Luciano Galimberti.","breadcrumb":{"@id":"https:\/\/espacioaretha.com\/explora\/video-series\/luciano-galimberti-adi\/#breadcrumb"},"inLanguage":"es","potentialAction":[{"@type":"ReadAction","target":["https:\/\/espacioaretha.com\/explora\/video-series\/luciano-galimberti-adi\/"]}]},{"@type":"ImageObject","inLanguage":"es","@id":"https:\/\/espacioaretha.com\/explora\/video-series\/luciano-galimberti-adi\/#primaryimage","url":"https:\/\/espacioaretha.com\/explora\/wp-content\/uploads\/2022\/04\/Luciano-Galimberti-thumbnail.jpg","contentUrl":"https:\/\/espacioaretha.com\/explora\/wp-content\/uploads\/2022\/04\/Luciano-Galimberti-thumbnail.jpg","width":1920,"height":1080},{"@type":"BreadcrumbList","@id":"https:\/\/espacioaretha.com\/explora\/video-series\/luciano-galimberti-adi\/#breadcrumb","itemListElement":[{"@type":"ListItem","position":1,"name":"Portada","item":"https:\/\/espacioaretha.com\/explora\/"},{"@type":"ListItem","position":2,"name":"Video series","item":"https:\/\/espacioaretha.com\/explora\/video-series\/"},{"@type":"ListItem","position":3,"name":"Luciano Galimberti"}]},{"@type":"WebSite","@id":"https:\/\/espacioaretha.com\/explora\/#website","url":"https:\/\/espacioaretha.com\/explora\/","name":"Aretha Explora","description":"Plataforma de contenidos e inspiraci\u00f3n sobre arquitectura, dise\u00f1o y mucho m\u00e1s","publisher":{"@id":"https:\/\/espacioaretha.com\/explora\/#organization"},"potentialAction":[{"@type":"SearchAction","target":{"@type":"EntryPoint","urlTemplate":"https:\/\/espacioaretha.com\/explora\/?s={search_term_string}"},"query-input":{"@type":"PropertyValueSpecification","valueRequired":true,"valueName":"search_term_string"}}],"inLanguage":"es"},{"@type":"Organization","@id":"https:\/\/espacioaretha.com\/explora\/#organization","name":"Aretha Explora","alternateName":"Aretha","url":"https:\/\/espacioaretha.com\/explora\/","logo":{"@type":"ImageObject","inLanguage":"es","@id":"https:\/\/espacioaretha.com\/explora\/#\/schema\/logo\/image\/","url":"https:\/\/espacioaretha.com\/explora\/wp-content\/uploads\/2022\/05\/Ojo-web.jpg","contentUrl":"https:\/\/espacioaretha.com\/explora\/wp-content\/uploads\/2022\/05\/Ojo-web.jpg","width":1920,"height":1080,"caption":"Aretha Explora"},"image":{"@id":"https:\/\/espacioaretha.com\/explora\/#\/schema\/logo\/image\/"}}]}},"_links":{"self":[{"href":"https:\/\/espacioaretha.com\/explora\/wp-json\/wp\/v2\/video_serie\/1797","targetHints":{"allow":["GET"]}}],"collection":[{"href":"https:\/\/espacioaretha.com\/explora\/wp-json\/wp\/v2\/video_serie"}],"about":[{"href":"https:\/\/espacioaretha.com\/explora\/wp-json\/wp\/v2\/types\/video_serie"}],"author":[{"embeddable":true,"href":"https:\/\/espacioaretha.com\/explora\/wp-json\/wp\/v2\/users\/6"}],"version-history":[{"count":9,"href":"https:\/\/espacioaretha.com\/explora\/wp-json\/wp\/v2\/video_serie\/1797\/revisions"}],"predecessor-version":[{"id":4815,"href":"https:\/\/espacioaretha.com\/explora\/wp-json\/wp\/v2\/video_serie\/1797\/revisions\/4815"}],"wp:featuredmedia":[{"embeddable":true,"href":"https:\/\/espacioaretha.com\/explora\/wp-json\/wp\/v2\/media\/2625"}],"wp:attachment":[{"href":"https:\/\/espacioaretha.com\/explora\/wp-json\/wp\/v2\/media?parent=1797"}],"wp:term":[{"taxonomy":"video_category","embeddable":true,"href":"https:\/\/espacioaretha.com\/explora\/wp-json\/wp\/v2\/video_category?post=1797"},{"taxonomy":"video_tag","embeddable":true,"href":"https:\/\/espacioaretha.com\/explora\/wp-json\/wp\/v2\/video_tag?post=1797"}],"curies":[{"name":"wp","href":"https:\/\/api.w.org\/{rel}","templated":true}]}}