{"id":4208,"date":"2024-03-18T13:41:09","date_gmt":"2024-03-18T12:41:09","guid":{"rendered":"https:\/\/espacioaretha.com\/explora\/?post_type=video_serie&#038;p=4208"},"modified":"2025-05-28T10:59:27","modified_gmt":"2025-05-28T08:59:27","slug":"david-gutierrez","status":"publish","type":"video_serie","link":"https:\/\/espacioaretha.com\/explora\/video-series\/david-gutierrez\/","title":{"rendered":"David Gutierrez"},"content":{"rendered":"\n<p>Desde su empresa <a href=\"https:\/\/www.databuilding.org\/\">Databuilding<\/a> realizan una consultor\u00eda especializada para la integraci\u00f3n de los modelados en todas las fases de la edificaci\u00f3n de un proyecto.<\/p>\n\n\n\n<p>Una conversaci\u00f3n que nos gu\u00eda a trav\u00e9s de las ventajas y posibilidades que esta metodolog\u00eda ofrece para la construcci\u00f3n y la arquitectura de los espacios. C\u00f3mo el BIM (Building Information Modeling) ha transformado los procesos de trabajo en estos \u00faltimos a\u00f1os, pasando por la toma de datos, hasta la implantaci\u00f3n de los modelos en obra.<\/p>\n\n\n\n<p>Terminamos destapando cu\u00e1l es el estado de la implementaci\u00f3n en el sector, y los obst\u00e1culos que han de superar para su integraci\u00f3n total en el d\u00eda a d\u00eda de cada proyecto de edificaci\u00f3n.<\/p>\n","protected":false},"excerpt":{"rendered":"<p>Qu\u00e9 es el BIM y c\u00f3mo ha afectado a la arquitectura y la creaci\u00f3n de proyectos es el tema principal de este caf\u00e9 con David Guti\u00e9rrez.<\/p>\n","protected":false},"author":25,"featured_media":4210,"template":"","meta":{"footnotes":""},"video_category":[8],"video_tag":[],"class_list":["post-4208","video_serie","type-video_serie","status-publish","has-post-thumbnail","hentry","video_category-un-cafe"],"yoast_head":"<!-- This site is optimized with the Yoast SEO plugin v27.4 - https:\/\/yoast.com\/product\/yoast-seo-wordpress\/ -->\n<title>Un caf\u00e9 con David Gutierrez sobre qu\u00e9 es el BIM y c\u00f3mo aplicarlo | Aretha Explora<\/title>\n<meta name=\"description\" content=\"Qu\u00e9 es el BIM y c\u00f3mo aplicarlo a proyectos de arquitectura es el tema principal de esta entrevista con David Gutierrez de Databuilding.\" \/>\n<meta name=\"robots\" content=\"index, follow, max-snippet:-1, max-image-preview:large, max-video-preview:-1\" \/>\n<link rel=\"canonical\" href=\"https:\/\/espacioaretha.com\/explora\/video-series\/david-gutierrez\/\" \/>\n<meta property=\"og:locale\" content=\"es_ES\" \/>\n<meta property=\"og:type\" content=\"article\" \/>\n<meta property=\"og:title\" content=\"Un caf\u00e9 con... David Gutierrez | Aretha Explora\" \/>\n<meta property=\"og:description\" content=\"Qu\u00e9 es el BIM y c\u00f3mo aplicarlo a proyectos de arquitectura es el tema principal de esta entrevista con David Gutierrez de Databuilding.\" \/>\n<meta property=\"og:url\" content=\"https:\/\/espacioaretha.com\/explora\/video-series\/david-gutierrez\/\" \/>\n<meta property=\"og:site_name\" content=\"Aretha Explora\" \/>\n<meta property=\"article:modified_time\" content=\"2025-05-28T08:59:27+00:00\" \/>\n<meta property=\"og:image\" content=\"https:\/\/espacioaretha.com\/explora\/wp-content\/uploads\/2024\/01\/6_Cafe-con_David-Gutierrez_vprincipal.jpg\" \/>\n\t<meta property=\"og:image:width\" content=\"1862\" \/>\n\t<meta property=\"og:image:height\" content=\"1080\" \/>\n\t<meta property=\"og:image:type\" content=\"image\/jpeg\" \/>\n<meta name=\"twitter:card\" content=\"summary_large_image\" \/>\n<meta name=\"twitter:title\" content=\"Un caf\u00e9 con... David Gutierrez | Aretha Explora\" \/>\n<meta name=\"twitter:description\" content=\"Qu\u00e9 es el BIM y c\u00f3mo aplicarlo a proyectos de arquitectura es el tema principal de esta entrevista con David Gutierrez de Databuilding.\" \/>\n<meta name=\"twitter:image\" content=\"https:\/\/espacioaretha.com\/explora\/wp-content\/uploads\/2024\/01\/6_Cafe-con_David-Gutierrez_vprincipal.jpg\" \/>\n<meta name=\"twitter:label1\" content=\"Tiempo de lectura\" \/>\n\t<meta name=\"twitter:data1\" content=\"1 minuto\" \/>\n<script type=\"application\/ld+json\" class=\"yoast-schema-graph\">{\"@context\":\"https:\\\/\\\/schema.org\",\"@graph\":[{\"@type\":\"WebPage\",\"@id\":\"https:\\\/\\\/espacioaretha.com\\\/explora\\\/video-series\\\/david-gutierrez\\\/\",\"url\":\"https:\\\/\\\/espacioaretha.com\\\/explora\\\/video-series\\\/david-gutierrez\\\/\",\"name\":\"Un caf\u00e9 con David Gutierrez sobre qu\u00e9 es el BIM y c\u00f3mo aplicarlo | Aretha Explora\",\"isPartOf\":{\"@id\":\"https:\\\/\\\/espacioaretha.com\\\/explora\\\/#website\"},\"primaryImageOfPage\":{\"@id\":\"https:\\\/\\\/espacioaretha.com\\\/explora\\\/video-series\\\/david-gutierrez\\\/#primaryimage\"},\"image\":{\"@id\":\"https:\\\/\\\/espacioaretha.com\\\/explora\\\/video-series\\\/david-gutierrez\\\/#primaryimage\"},\"thumbnailUrl\":\"https:\\\/\\\/espacioaretha.com\\\/explora\\\/wp-content\\\/uploads\\\/2024\\\/01\\\/6_Cafe-con_David-Gutierrez_vprincipal.jpg\",\"datePublished\":\"2024-03-18T12:41:09+00:00\",\"dateModified\":\"2025-05-28T08:59:27+00:00\",\"description\":\"Qu\u00e9 es el BIM y c\u00f3mo aplicarlo a proyectos de arquitectura es el tema principal de esta entrevista con David Gutierrez de Databuilding.\",\"breadcrumb\":{\"@id\":\"https:\\\/\\\/espacioaretha.com\\\/explora\\\/video-series\\\/david-gutierrez\\\/#breadcrumb\"},\"inLanguage\":\"es\",\"potentialAction\":[{\"@type\":\"ReadAction\",\"target\":[\"https:\\\/\\\/espacioaretha.com\\\/explora\\\/video-series\\\/david-gutierrez\\\/\"]}]},{\"@type\":\"ImageObject\",\"inLanguage\":\"es\",\"@id\":\"https:\\\/\\\/espacioaretha.com\\\/explora\\\/video-series\\\/david-gutierrez\\\/#primaryimage\",\"url\":\"https:\\\/\\\/espacioaretha.com\\\/explora\\\/wp-content\\\/uploads\\\/2024\\\/01\\\/6_Cafe-con_David-Gutierrez_vprincipal.jpg\",\"contentUrl\":\"https:\\\/\\\/espacioaretha.com\\\/explora\\\/wp-content\\\/uploads\\\/2024\\\/01\\\/6_Cafe-con_David-Gutierrez_vprincipal.jpg\",\"width\":1862,\"height\":1080,\"caption\":\"david gutierrez bim databuilding\"},{\"@type\":\"BreadcrumbList\",\"@id\":\"https:\\\/\\\/espacioaretha.com\\\/explora\\\/video-series\\\/david-gutierrez\\\/#breadcrumb\",\"itemListElement\":[{\"@type\":\"ListItem\",\"position\":1,\"name\":\"Portada\",\"item\":\"https:\\\/\\\/espacioaretha.com\\\/explora\\\/\"},{\"@type\":\"ListItem\",\"position\":2,\"name\":\"Video series\",\"item\":\"https:\\\/\\\/espacioaretha.com\\\/explora\\\/video-series\\\/\"},{\"@type\":\"ListItem\",\"position\":3,\"name\":\"David Gutierrez\"}]},{\"@type\":\"WebSite\",\"@id\":\"https:\\\/\\\/espacioaretha.com\\\/explora\\\/#website\",\"url\":\"https:\\\/\\\/espacioaretha.com\\\/explora\\\/\",\"name\":\"Aretha Explora\",\"description\":\"Plataforma de contenidos e inspiraci\u00f3n sobre arquitectura, dise\u00f1o y mucho m\u00e1s\",\"publisher\":{\"@id\":\"https:\\\/\\\/espacioaretha.com\\\/explora\\\/#organization\"},\"potentialAction\":[{\"@type\":\"SearchAction\",\"target\":{\"@type\":\"EntryPoint\",\"urlTemplate\":\"https:\\\/\\\/espacioaretha.com\\\/explora\\\/?s={search_term_string}\"},\"query-input\":{\"@type\":\"PropertyValueSpecification\",\"valueRequired\":true,\"valueName\":\"search_term_string\"}}],\"inLanguage\":\"es\"},{\"@type\":\"Organization\",\"@id\":\"https:\\\/\\\/espacioaretha.com\\\/explora\\\/#organization\",\"name\":\"Aretha Explora\",\"alternateName\":\"Aretha\",\"url\":\"https:\\\/\\\/espacioaretha.com\\\/explora\\\/\",\"logo\":{\"@type\":\"ImageObject\",\"inLanguage\":\"es\",\"@id\":\"https:\\\/\\\/espacioaretha.com\\\/explora\\\/#\\\/schema\\\/logo\\\/image\\\/\",\"url\":\"https:\\\/\\\/espacioaretha.com\\\/explora\\\/wp-content\\\/uploads\\\/2022\\\/05\\\/Ojo-web.jpg\",\"contentUrl\":\"https:\\\/\\\/espacioaretha.com\\\/explora\\\/wp-content\\\/uploads\\\/2022\\\/05\\\/Ojo-web.jpg\",\"width\":1920,\"height\":1080,\"caption\":\"Aretha Explora\"},\"image\":{\"@id\":\"https:\\\/\\\/espacioaretha.com\\\/explora\\\/#\\\/schema\\\/logo\\\/image\\\/\"}}]}<\/script>\n<!-- \/ Yoast SEO plugin. -->","yoast_head_json":{"title":"Un caf\u00e9 con David Gutierrez sobre qu\u00e9 es el BIM y c\u00f3mo aplicarlo | Aretha Explora","description":"Qu\u00e9 es el BIM y c\u00f3mo aplicarlo a proyectos de arquitectura es el tema principal de esta entrevista con David Gutierrez de Databuilding.","robots":{"index":"index","follow":"follow","max-snippet":"max-snippet:-1","max-image-preview":"max-image-preview:large","max-video-preview":"max-video-preview:-1"},"canonical":"https:\/\/espacioaretha.com\/explora\/video-series\/david-gutierrez\/","og_locale":"es_ES","og_type":"article","og_title":"Un caf\u00e9 con... David Gutierrez | Aretha Explora","og_description":"Qu\u00e9 es el BIM y c\u00f3mo aplicarlo a proyectos de arquitectura es el tema principal de esta entrevista con David Gutierrez de Databuilding.","og_url":"https:\/\/espacioaretha.com\/explora\/video-series\/david-gutierrez\/","og_site_name":"Aretha Explora","article_modified_time":"2025-05-28T08:59:27+00:00","og_image":[{"width":1862,"height":1080,"url":"https:\/\/espacioaretha.com\/explora\/wp-content\/uploads\/2024\/01\/6_Cafe-con_David-Gutierrez_vprincipal.jpg","type":"image\/jpeg"}],"twitter_card":"summary_large_image","twitter_title":"Un caf\u00e9 con... David Gutierrez | Aretha Explora","twitter_description":"Qu\u00e9 es el BIM y c\u00f3mo aplicarlo a proyectos de arquitectura es el tema principal de esta entrevista con David Gutierrez de Databuilding.","twitter_image":"https:\/\/espacioaretha.com\/explora\/wp-content\/uploads\/2024\/01\/6_Cafe-con_David-Gutierrez_vprincipal.jpg","twitter_misc":{"Tiempo de lectura":"1 minuto"},"schema":{"@context":"https:\/\/schema.org","@graph":[{"@type":"WebPage","@id":"https:\/\/espacioaretha.com\/explora\/video-series\/david-gutierrez\/","url":"https:\/\/espacioaretha.com\/explora\/video-series\/david-gutierrez\/","name":"Un caf\u00e9 con David Gutierrez sobre qu\u00e9 es el BIM y c\u00f3mo aplicarlo | Aretha Explora","isPartOf":{"@id":"https:\/\/espacioaretha.com\/explora\/#website"},"primaryImageOfPage":{"@id":"https:\/\/espacioaretha.com\/explora\/video-series\/david-gutierrez\/#primaryimage"},"image":{"@id":"https:\/\/espacioaretha.com\/explora\/video-series\/david-gutierrez\/#primaryimage"},"thumbnailUrl":"https:\/\/espacioaretha.com\/explora\/wp-content\/uploads\/2024\/01\/6_Cafe-con_David-Gutierrez_vprincipal.jpg","datePublished":"2024-03-18T12:41:09+00:00","dateModified":"2025-05-28T08:59:27+00:00","description":"Qu\u00e9 es el BIM y c\u00f3mo aplicarlo a proyectos de arquitectura es el tema principal de esta entrevista con David Gutierrez de Databuilding.","breadcrumb":{"@id":"https:\/\/espacioaretha.com\/explora\/video-series\/david-gutierrez\/#breadcrumb"},"inLanguage":"es","potentialAction":[{"@type":"ReadAction","target":["https:\/\/espacioaretha.com\/explora\/video-series\/david-gutierrez\/"]}]},{"@type":"ImageObject","inLanguage":"es","@id":"https:\/\/espacioaretha.com\/explora\/video-series\/david-gutierrez\/#primaryimage","url":"https:\/\/espacioaretha.com\/explora\/wp-content\/uploads\/2024\/01\/6_Cafe-con_David-Gutierrez_vprincipal.jpg","contentUrl":"https:\/\/espacioaretha.com\/explora\/wp-content\/uploads\/2024\/01\/6_Cafe-con_David-Gutierrez_vprincipal.jpg","width":1862,"height":1080,"caption":"david gutierrez bim databuilding"},{"@type":"BreadcrumbList","@id":"https:\/\/espacioaretha.com\/explora\/video-series\/david-gutierrez\/#breadcrumb","itemListElement":[{"@type":"ListItem","position":1,"name":"Portada","item":"https:\/\/espacioaretha.com\/explora\/"},{"@type":"ListItem","position":2,"name":"Video series","item":"https:\/\/espacioaretha.com\/explora\/video-series\/"},{"@type":"ListItem","position":3,"name":"David Gutierrez"}]},{"@type":"WebSite","@id":"https:\/\/espacioaretha.com\/explora\/#website","url":"https:\/\/espacioaretha.com\/explora\/","name":"Aretha Explora","description":"Plataforma de contenidos e inspiraci\u00f3n sobre arquitectura, dise\u00f1o y mucho m\u00e1s","publisher":{"@id":"https:\/\/espacioaretha.com\/explora\/#organization"},"potentialAction":[{"@type":"SearchAction","target":{"@type":"EntryPoint","urlTemplate":"https:\/\/espacioaretha.com\/explora\/?s={search_term_string}"},"query-input":{"@type":"PropertyValueSpecification","valueRequired":true,"valueName":"search_term_string"}}],"inLanguage":"es"},{"@type":"Organization","@id":"https:\/\/espacioaretha.com\/explora\/#organization","name":"Aretha Explora","alternateName":"Aretha","url":"https:\/\/espacioaretha.com\/explora\/","logo":{"@type":"ImageObject","inLanguage":"es","@id":"https:\/\/espacioaretha.com\/explora\/#\/schema\/logo\/image\/","url":"https:\/\/espacioaretha.com\/explora\/wp-content\/uploads\/2022\/05\/Ojo-web.jpg","contentUrl":"https:\/\/espacioaretha.com\/explora\/wp-content\/uploads\/2022\/05\/Ojo-web.jpg","width":1920,"height":1080,"caption":"Aretha Explora"},"image":{"@id":"https:\/\/espacioaretha.com\/explora\/#\/schema\/logo\/image\/"}}]}},"_links":{"self":[{"href":"https:\/\/espacioaretha.com\/explora\/wp-json\/wp\/v2\/video_serie\/4208","targetHints":{"allow":["GET"]}}],"collection":[{"href":"https:\/\/espacioaretha.com\/explora\/wp-json\/wp\/v2\/video_serie"}],"about":[{"href":"https:\/\/espacioaretha.com\/explora\/wp-json\/wp\/v2\/types\/video_serie"}],"author":[{"embeddable":true,"href":"https:\/\/espacioaretha.com\/explora\/wp-json\/wp\/v2\/users\/25"}],"version-history":[{"count":3,"href":"https:\/\/espacioaretha.com\/explora\/wp-json\/wp\/v2\/video_serie\/4208\/revisions"}],"predecessor-version":[{"id":4286,"href":"https:\/\/espacioaretha.com\/explora\/wp-json\/wp\/v2\/video_serie\/4208\/revisions\/4286"}],"wp:featuredmedia":[{"embeddable":true,"href":"https:\/\/espacioaretha.com\/explora\/wp-json\/wp\/v2\/media\/4210"}],"wp:attachment":[{"href":"https:\/\/espacioaretha.com\/explora\/wp-json\/wp\/v2\/media?parent=4208"}],"wp:term":[{"taxonomy":"video_category","embeddable":true,"href":"https:\/\/espacioaretha.com\/explora\/wp-json\/wp\/v2\/video_category?post=4208"},{"taxonomy":"video_tag","embeddable":true,"href":"https:\/\/espacioaretha.com\/explora\/wp-json\/wp\/v2\/video_tag?post=4208"}],"curies":[{"name":"wp","href":"https:\/\/api.w.org\/{rel}","templated":true}]}}