{"id":436,"date":"2022-04-06T10:38:53","date_gmt":"2022-04-06T08:38:53","guid":{"rendered":"https:\/\/espacioaretha.com\/explora\/?post_type=video_serie&#038;p=436"},"modified":"2025-05-29T12:42:12","modified_gmt":"2025-05-29T10:42:12","slug":"con-martha-thorne","status":"publish","type":"video_serie","link":"https:\/\/espacioaretha.com\/explora\/video-series\/con-martha-thorne\/","title":{"rendered":"Martha Thorne"},"content":{"rendered":"\n<p>Casi la mitad de la poblaci\u00f3n de todo el mundo vive en ciudades. Si un arquitecto entiende la conexi\u00f3n entre los factores urbanos de la arquitectura con su impacto en el medioambiente y la sostenibilidad, va a poder afrontar retos reales y conseguir crear ciudades vivas.<\/p>\n\n\n\n<p>El mundo reclama a voces sostenibilidad para nuestro planeta y nuestras ciudades, pero \u00bfa qu\u00e9 nos referimos con sostenibilidad exactamente? \u00bfRealmente nuestra sociedad, nuestros pol\u00edticos y nuestras empresas tenemos una verdadera conciencia social con visi\u00f3n clara a largo plazo?<\/p>\n\n\n\n<figure class=\"wp-block-image size-full\"><img loading=\"lazy\" decoding=\"async\" width=\"746\" height=\"219\" src=\"https:\/\/espacioaretha.com\/explora\/wp-content\/uploads\/2022\/03\/CiudadesSostenibles.jpeg\" alt=\"\" class=\"wp-image-438\" srcset=\"https:\/\/espacioaretha.com\/explora\/wp-content\/uploads\/2022\/03\/CiudadesSostenibles.jpeg 746w, https:\/\/espacioaretha.com\/explora\/wp-content\/uploads\/2022\/03\/CiudadesSostenibles-300x88.jpeg 300w\" sizes=\"auto, (max-width: 746px) 100vw, 746px\" \/><\/figure>\n\n\n\n<p>En las pr\u00f3ximas d\u00e9cadas veremos una gran evoluci\u00f3n del mundo en el que vivimos. El cambio clim\u00e1tico, las desigualdades sociales, la pandemia\u2026, han acelerado un proceso que, no por previsible nos ha sacudido a nivel global oblig\u00e1ndonos a replantear muchas cosas con un enfoque diferente y con un sentido de la urgencia que la sociedad no percib\u00eda. Ciudad y entorno rural deben replantearse desde un punto de vista humano y sostenible de la mano de urbanistas, arquitectos, entidades p\u00fablicas y privadas. Se deben afrontar procesos de cambio en temas como la digitalizaci\u00f3n, la conducci\u00f3n aut\u00f3noma o el\u00e9ctrica, commuting, wayfinding, sistemas de transporte alternativos, cambios en los h\u00e1bitos de trabajo y un largo etc\u00e9tera.<\/p>\n\n\n\n<p>Os dejamos a continuaci\u00f3n los 4 cap\u00edtulos de la entrevista a <strong>Martha Thorne<\/strong>, Urbanista y Decana Decana de la Escuela de Arquitectura del IE Business School, los cuales est\u00e1n englobados dentro de las sesiones de \u2018Un caf\u00e9 con\u2026\u2019 que organizamos desde Aretha.<\/p>\n\n\n\n<h2 class=\"wp-block-heading\"><strong>Descubre la entrevista completa<\/strong><\/h2>\n\n\n\n<h4 class=\"wp-block-heading\"><strong>Parte <\/strong>1 | Urbanismo<\/h4>\n\n\n\n<figure class=\"wp-block-embed is-type-video is-provider-youtube wp-block-embed-youtube wp-embed-aspect-16-9 wp-has-aspect-ratio\"><div class=\"wp-block-embed__wrapper\">\n<div class=\"rwd-video\"><iframe loading=\"lazy\" title=\"Un caf\u00e9 con... Martha Thorne #1: Urbanismo\" width=\"500\" height=\"281\" src=\"https:\/\/www.youtube.com\/embed\/UWTmhOnLYJ4?feature=oembed\" frameborder=\"0\" allow=\"accelerometer; autoplay; clipboard-write; encrypted-media; gyroscope; picture-in-picture; web-share\" referrerpolicy=\"strict-origin-when-cross-origin\" allowfullscreen><\/iframe><\/div>\n<\/div><\/figure>\n\n\n\n<h4 class=\"wp-block-heading\"><strong>Parte 3<\/strong> | Entornos de trabajo<\/h4>\n\n\n\n<figure class=\"wp-block-embed is-type-video is-provider-youtube wp-block-embed-youtube wp-embed-aspect-16-9 wp-has-aspect-ratio\"><div class=\"wp-block-embed__wrapper\">\n<div class=\"rwd-video\"><iframe loading=\"lazy\" title=\"Un caf\u00e9 con... Martha Thorne #3: Entornos de trabajo\" width=\"500\" height=\"281\" src=\"https:\/\/www.youtube.com\/embed\/g7K9BnnYLJc?feature=oembed\" frameborder=\"0\" allow=\"accelerometer; autoplay; clipboard-write; encrypted-media; gyroscope; picture-in-picture; web-share\" referrerpolicy=\"strict-origin-when-cross-origin\" allowfullscreen><\/iframe><\/div>\n<\/div><\/figure>\n\n\n\n<h4 class=\"wp-block-heading\"><strong>Parte 4<\/strong> | Sostenibilidad<\/h4>\n\n\n\n<figure class=\"wp-block-embed is-type-video is-provider-youtube wp-block-embed-youtube wp-embed-aspect-16-9 wp-has-aspect-ratio\"><div class=\"wp-block-embed__wrapper\">\n<div class=\"rwd-video\"><iframe loading=\"lazy\" title=\"Un caf\u00e9 con... Martha Thorne #4: Sostenibilidad\" width=\"500\" height=\"281\" src=\"https:\/\/www.youtube.com\/embed\/KIpUwUjDv1Q?feature=oembed\" frameborder=\"0\" allow=\"accelerometer; autoplay; clipboard-write; encrypted-media; gyroscope; picture-in-picture; web-share\" referrerpolicy=\"strict-origin-when-cross-origin\" allowfullscreen><\/iframe><\/div>\n<\/div><\/figure>\n","protected":false},"excerpt":{"rendered":"<p>Afrontamos la importancia de la figura del arquitecto en las ciudades del futuro. Mostrando una nueva perspectiva del papel del arquitecto, no como creador de edificios, sino como creador de ciudades. Estas deben transformarse en un ecosistema al servicio del ciudadano y de la persona, para que seamos nosotros los verdaderos protagonistas. El gran reto de la arquitectura para los pr\u00f3ximos a\u00f1os reside en ayudar en esta transformaci\u00f3n hol\u00edstica y sostenible, para cambiar el modelo de las ciudades del futuro.<\/p>\n","protected":false},"author":25,"featured_media":439,"template":"","meta":{"footnotes":""},"video_category":[8],"video_tag":[],"class_list":["post-436","video_serie","type-video_serie","status-publish","has-post-thumbnail","hentry","video_category-un-cafe"],"yoast_head":"<!-- This site is optimized with the Yoast SEO plugin v27.4 - https:\/\/yoast.com\/product\/yoast-seo-wordpress\/ -->\n<title>Un caf\u00e9 con Martha Thorne | Aretha Explora<\/title>\n<meta name=\"description\" content=\"Martha Thorne decana de la escuela de Arquitectura y Dise\u00f1o del IE Business School destaca la importancia de la figura del arquitecto.\" \/>\n<meta name=\"robots\" content=\"index, follow, max-snippet:-1, max-image-preview:large, max-video-preview:-1\" \/>\n<link rel=\"canonical\" href=\"https:\/\/espacioaretha.com\/explora\/video-series\/con-martha-thorne\/\" \/>\n<meta property=\"og:locale\" content=\"es_ES\" \/>\n<meta property=\"og:type\" content=\"article\" \/>\n<meta property=\"og:title\" content=\"Un caf\u00e9 con... Martha Thorne | Aretha Explora\" \/>\n<meta property=\"og:description\" content=\"Martha Thorne decana de la escuela de Arquitectura y Dise\u00f1o del IE Business School destaca la importancia de la figura del arquitecto.\" \/>\n<meta property=\"og:url\" content=\"https:\/\/espacioaretha.com\/explora\/video-series\/con-martha-thorne\/\" \/>\n<meta property=\"og:site_name\" content=\"Aretha Explora\" \/>\n<meta property=\"article:modified_time\" content=\"2025-05-29T10:42:12+00:00\" \/>\n<meta property=\"og:image\" content=\"https:\/\/espacioaretha.com\/explora\/wp-content\/uploads\/2022\/04\/Martha-Thorne.jpg\" \/>\n\t<meta property=\"og:image:width\" content=\"1080\" \/>\n\t<meta property=\"og:image:height\" content=\"1080\" \/>\n\t<meta property=\"og:image:type\" content=\"image\/jpeg\" \/>\n<meta name=\"twitter:card\" content=\"summary_large_image\" \/>\n<meta name=\"twitter:label1\" content=\"Tiempo de lectura\" \/>\n\t<meta name=\"twitter:data1\" content=\"2 minutos\" \/>\n<script type=\"application\/ld+json\" class=\"yoast-schema-graph\">{\"@context\":\"https:\\\/\\\/schema.org\",\"@graph\":[{\"@type\":\"WebPage\",\"@id\":\"https:\\\/\\\/espacioaretha.com\\\/explora\\\/video-series\\\/con-martha-thorne\\\/\",\"url\":\"https:\\\/\\\/espacioaretha.com\\\/explora\\\/video-series\\\/con-martha-thorne\\\/\",\"name\":\"Un caf\u00e9 con Martha Thorne | Aretha Explora\",\"isPartOf\":{\"@id\":\"https:\\\/\\\/espacioaretha.com\\\/explora\\\/#website\"},\"primaryImageOfPage\":{\"@id\":\"https:\\\/\\\/espacioaretha.com\\\/explora\\\/video-series\\\/con-martha-thorne\\\/#primaryimage\"},\"image\":{\"@id\":\"https:\\\/\\\/espacioaretha.com\\\/explora\\\/video-series\\\/con-martha-thorne\\\/#primaryimage\"},\"thumbnailUrl\":\"https:\\\/\\\/espacioaretha.com\\\/explora\\\/wp-content\\\/uploads\\\/2022\\\/03\\\/Destacada-martha-thorne.webp\",\"datePublished\":\"2022-04-06T08:38:53+00:00\",\"dateModified\":\"2025-05-29T10:42:12+00:00\",\"description\":\"Martha Thorne decana de la escuela de Arquitectura y Dise\u00f1o del IE Business School destaca la importancia de la figura del arquitecto.\",\"breadcrumb\":{\"@id\":\"https:\\\/\\\/espacioaretha.com\\\/explora\\\/video-series\\\/con-martha-thorne\\\/#breadcrumb\"},\"inLanguage\":\"es\",\"potentialAction\":[{\"@type\":\"ReadAction\",\"target\":[\"https:\\\/\\\/espacioaretha.com\\\/explora\\\/video-series\\\/con-martha-thorne\\\/\"]}]},{\"@type\":\"ImageObject\",\"inLanguage\":\"es\",\"@id\":\"https:\\\/\\\/espacioaretha.com\\\/explora\\\/video-series\\\/con-martha-thorne\\\/#primaryimage\",\"url\":\"https:\\\/\\\/espacioaretha.com\\\/explora\\\/wp-content\\\/uploads\\\/2022\\\/03\\\/Destacada-martha-thorne.webp\",\"contentUrl\":\"https:\\\/\\\/espacioaretha.com\\\/explora\\\/wp-content\\\/uploads\\\/2022\\\/03\\\/Destacada-martha-thorne.webp\",\"width\":1920,\"height\":1080},{\"@type\":\"BreadcrumbList\",\"@id\":\"https:\\\/\\\/espacioaretha.com\\\/explora\\\/video-series\\\/con-martha-thorne\\\/#breadcrumb\",\"itemListElement\":[{\"@type\":\"ListItem\",\"position\":1,\"name\":\"Portada\",\"item\":\"https:\\\/\\\/espacioaretha.com\\\/explora\\\/\"},{\"@type\":\"ListItem\",\"position\":2,\"name\":\"Video series\",\"item\":\"https:\\\/\\\/espacioaretha.com\\\/explora\\\/video-series\\\/\"},{\"@type\":\"ListItem\",\"position\":3,\"name\":\"Martha Thorne\"}]},{\"@type\":\"WebSite\",\"@id\":\"https:\\\/\\\/espacioaretha.com\\\/explora\\\/#website\",\"url\":\"https:\\\/\\\/espacioaretha.com\\\/explora\\\/\",\"name\":\"Aretha Explora\",\"description\":\"Plataforma de contenidos e inspiraci\u00f3n sobre arquitectura, dise\u00f1o y mucho m\u00e1s\",\"publisher\":{\"@id\":\"https:\\\/\\\/espacioaretha.com\\\/explora\\\/#organization\"},\"potentialAction\":[{\"@type\":\"SearchAction\",\"target\":{\"@type\":\"EntryPoint\",\"urlTemplate\":\"https:\\\/\\\/espacioaretha.com\\\/explora\\\/?s={search_term_string}\"},\"query-input\":{\"@type\":\"PropertyValueSpecification\",\"valueRequired\":true,\"valueName\":\"search_term_string\"}}],\"inLanguage\":\"es\"},{\"@type\":\"Organization\",\"@id\":\"https:\\\/\\\/espacioaretha.com\\\/explora\\\/#organization\",\"name\":\"Aretha Explora\",\"alternateName\":\"Aretha\",\"url\":\"https:\\\/\\\/espacioaretha.com\\\/explora\\\/\",\"logo\":{\"@type\":\"ImageObject\",\"inLanguage\":\"es\",\"@id\":\"https:\\\/\\\/espacioaretha.com\\\/explora\\\/#\\\/schema\\\/logo\\\/image\\\/\",\"url\":\"https:\\\/\\\/espacioaretha.com\\\/explora\\\/wp-content\\\/uploads\\\/2022\\\/05\\\/Ojo-web.jpg\",\"contentUrl\":\"https:\\\/\\\/espacioaretha.com\\\/explora\\\/wp-content\\\/uploads\\\/2022\\\/05\\\/Ojo-web.jpg\",\"width\":1920,\"height\":1080,\"caption\":\"Aretha Explora\"},\"image\":{\"@id\":\"https:\\\/\\\/espacioaretha.com\\\/explora\\\/#\\\/schema\\\/logo\\\/image\\\/\"}}]}<\/script>\n<!-- \/ Yoast SEO plugin. -->","yoast_head_json":{"title":"Un caf\u00e9 con Martha Thorne | Aretha Explora","description":"Martha Thorne decana de la escuela de Arquitectura y Dise\u00f1o del IE Business School destaca la importancia de la figura del arquitecto.","robots":{"index":"index","follow":"follow","max-snippet":"max-snippet:-1","max-image-preview":"max-image-preview:large","max-video-preview":"max-video-preview:-1"},"canonical":"https:\/\/espacioaretha.com\/explora\/video-series\/con-martha-thorne\/","og_locale":"es_ES","og_type":"article","og_title":"Un caf\u00e9 con... Martha Thorne | Aretha Explora","og_description":"Martha Thorne decana de la escuela de Arquitectura y Dise\u00f1o del IE Business School destaca la importancia de la figura del arquitecto.","og_url":"https:\/\/espacioaretha.com\/explora\/video-series\/con-martha-thorne\/","og_site_name":"Aretha Explora","article_modified_time":"2025-05-29T10:42:12+00:00","og_image":[{"width":1080,"height":1080,"url":"https:\/\/espacioaretha.com\/explora\/wp-content\/uploads\/2022\/04\/Martha-Thorne.jpg","type":"image\/jpeg"}],"twitter_card":"summary_large_image","twitter_misc":{"Tiempo de lectura":"2 minutos"},"schema":{"@context":"https:\/\/schema.org","@graph":[{"@type":"WebPage","@id":"https:\/\/espacioaretha.com\/explora\/video-series\/con-martha-thorne\/","url":"https:\/\/espacioaretha.com\/explora\/video-series\/con-martha-thorne\/","name":"Un caf\u00e9 con Martha Thorne | Aretha Explora","isPartOf":{"@id":"https:\/\/espacioaretha.com\/explora\/#website"},"primaryImageOfPage":{"@id":"https:\/\/espacioaretha.com\/explora\/video-series\/con-martha-thorne\/#primaryimage"},"image":{"@id":"https:\/\/espacioaretha.com\/explora\/video-series\/con-martha-thorne\/#primaryimage"},"thumbnailUrl":"https:\/\/espacioaretha.com\/explora\/wp-content\/uploads\/2022\/03\/Destacada-martha-thorne.webp","datePublished":"2022-04-06T08:38:53+00:00","dateModified":"2025-05-29T10:42:12+00:00","description":"Martha Thorne decana de la escuela de Arquitectura y Dise\u00f1o del IE Business School destaca la importancia de la figura del arquitecto.","breadcrumb":{"@id":"https:\/\/espacioaretha.com\/explora\/video-series\/con-martha-thorne\/#breadcrumb"},"inLanguage":"es","potentialAction":[{"@type":"ReadAction","target":["https:\/\/espacioaretha.com\/explora\/video-series\/con-martha-thorne\/"]}]},{"@type":"ImageObject","inLanguage":"es","@id":"https:\/\/espacioaretha.com\/explora\/video-series\/con-martha-thorne\/#primaryimage","url":"https:\/\/espacioaretha.com\/explora\/wp-content\/uploads\/2022\/03\/Destacada-martha-thorne.webp","contentUrl":"https:\/\/espacioaretha.com\/explora\/wp-content\/uploads\/2022\/03\/Destacada-martha-thorne.webp","width":1920,"height":1080},{"@type":"BreadcrumbList","@id":"https:\/\/espacioaretha.com\/explora\/video-series\/con-martha-thorne\/#breadcrumb","itemListElement":[{"@type":"ListItem","position":1,"name":"Portada","item":"https:\/\/espacioaretha.com\/explora\/"},{"@type":"ListItem","position":2,"name":"Video series","item":"https:\/\/espacioaretha.com\/explora\/video-series\/"},{"@type":"ListItem","position":3,"name":"Martha Thorne"}]},{"@type":"WebSite","@id":"https:\/\/espacioaretha.com\/explora\/#website","url":"https:\/\/espacioaretha.com\/explora\/","name":"Aretha Explora","description":"Plataforma de contenidos e inspiraci\u00f3n sobre arquitectura, dise\u00f1o y mucho m\u00e1s","publisher":{"@id":"https:\/\/espacioaretha.com\/explora\/#organization"},"potentialAction":[{"@type":"SearchAction","target":{"@type":"EntryPoint","urlTemplate":"https:\/\/espacioaretha.com\/explora\/?s={search_term_string}"},"query-input":{"@type":"PropertyValueSpecification","valueRequired":true,"valueName":"search_term_string"}}],"inLanguage":"es"},{"@type":"Organization","@id":"https:\/\/espacioaretha.com\/explora\/#organization","name":"Aretha Explora","alternateName":"Aretha","url":"https:\/\/espacioaretha.com\/explora\/","logo":{"@type":"ImageObject","inLanguage":"es","@id":"https:\/\/espacioaretha.com\/explora\/#\/schema\/logo\/image\/","url":"https:\/\/espacioaretha.com\/explora\/wp-content\/uploads\/2022\/05\/Ojo-web.jpg","contentUrl":"https:\/\/espacioaretha.com\/explora\/wp-content\/uploads\/2022\/05\/Ojo-web.jpg","width":1920,"height":1080,"caption":"Aretha Explora"},"image":{"@id":"https:\/\/espacioaretha.com\/explora\/#\/schema\/logo\/image\/"}}]}},"_links":{"self":[{"href":"https:\/\/espacioaretha.com\/explora\/wp-json\/wp\/v2\/video_serie\/436","targetHints":{"allow":["GET"]}}],"collection":[{"href":"https:\/\/espacioaretha.com\/explora\/wp-json\/wp\/v2\/video_serie"}],"about":[{"href":"https:\/\/espacioaretha.com\/explora\/wp-json\/wp\/v2\/types\/video_serie"}],"author":[{"embeddable":true,"href":"https:\/\/espacioaretha.com\/explora\/wp-json\/wp\/v2\/users\/25"}],"version-history":[{"count":15,"href":"https:\/\/espacioaretha.com\/explora\/wp-json\/wp\/v2\/video_serie\/436\/revisions"}],"predecessor-version":[{"id":4817,"href":"https:\/\/espacioaretha.com\/explora\/wp-json\/wp\/v2\/video_serie\/436\/revisions\/4817"}],"wp:featuredmedia":[{"embeddable":true,"href":"https:\/\/espacioaretha.com\/explora\/wp-json\/wp\/v2\/media\/439"}],"wp:attachment":[{"href":"https:\/\/espacioaretha.com\/explora\/wp-json\/wp\/v2\/media?parent=436"}],"wp:term":[{"taxonomy":"video_category","embeddable":true,"href":"https:\/\/espacioaretha.com\/explora\/wp-json\/wp\/v2\/video_category?post=436"},{"taxonomy":"video_tag","embeddable":true,"href":"https:\/\/espacioaretha.com\/explora\/wp-json\/wp\/v2\/video_tag?post=436"}],"curies":[{"name":"wp","href":"https:\/\/api.w.org\/{rel}","templated":true}]}}