{"id":4518,"date":"2023-09-27T12:00:00","date_gmt":"2023-09-27T10:00:00","guid":{"rendered":"https:\/\/espacioaretha.com\/explora\/?post_type=video_serie&#038;p=4518"},"modified":"2025-05-29T13:52:33","modified_gmt":"2025-05-29T11:52:33","slug":"acustica-diseno-y-sostenibilidad","status":"publish","type":"video_serie","link":"https:\/\/espacioaretha.com\/explora\/video-series\/acustica-diseno-y-sostenibilidad\/","title":{"rendered":"Ac\u00fastica, dise\u00f1o y sostenibilidad"},"content":{"rendered":"\n<p>Exploramos las ventajas de las soluciones ac\u00fasticas de <a href=\"https:\/\/espacioaretha.com\/firmas\/echojazz\/\">Echojazz<\/a>, su historia, posicionamiento y valores m\u00e1s representativos.<\/p>\n\n\n\n<p>Soluciones altamente eficientes de acondicionamiento ac\u00fastico cuya filosof\u00eda es un sin\u00f3nimo de sostenibilidad y dise\u00f1o.<\/p>\n\n\n\n<p>Conocemos de primera mano las cualidades excepcionales de sus soluciones fabricadas en PET reciclado y exploramos c\u00f3mo personalizarlas para cualquier tipolog\u00eda de proyecto.<\/p>\n\n\n\n<p>Una masterclass realizada durante la primera Semana del Dise\u00f1o de <a href=\"https:\/\/espacioaretha.com\/\" target=\"_blank\" rel=\"noreferrer noopener\">Aretha<\/a>. Un espacio donde aprender de la mano de grandes profesionales de la arquitectura y el interiorismo.<\/p>\n","protected":false},"excerpt":{"rendered":"<p>Eckart Scheumann, director comercial de la firma suiza Echojazz, nos gu\u00eda a trav\u00e9s del mundo de la ac\u00fastica y el confort.<\/p>\n","protected":false},"author":25,"featured_media":4521,"template":"","meta":{"footnotes":""},"video_category":[189],"video_tag":[],"class_list":["post-4518","video_serie","type-video_serie","status-publish","has-post-thumbnail","hentry","video_category-semana-del-diseno"],"yoast_head":"<!-- This site is optimized with the Yoast SEO plugin v27.4 - https:\/\/yoast.com\/product\/yoast-seo-wordpress\/ -->\n<title>Soluciones de acondicionamiento ac\u00fastico de Echojazz<\/title>\n<meta name=\"description\" content=\"Eckart Scheumann, director comercial de la firma suiza Echojazz, nos gu\u00eda a trav\u00e9s del mundo de la ac\u00fastica, el confort y la sostenibilidad.\" \/>\n<meta name=\"robots\" content=\"index, follow, max-snippet:-1, max-image-preview:large, max-video-preview:-1\" \/>\n<link rel=\"canonical\" href=\"https:\/\/espacioaretha.com\/explora\/video-series\/acustica-diseno-y-sostenibilidad\/\" \/>\n<meta property=\"og:locale\" content=\"es_ES\" \/>\n<meta property=\"og:type\" content=\"article\" \/>\n<meta property=\"og:title\" content=\"Soluciones de acondicionamiento ac\u00fastico de Echojazz | Aretha Explora\" \/>\n<meta property=\"og:description\" content=\"Eckart Scheumann, director comercial de la firma suiza Echojazz, nos gu\u00eda a trav\u00e9s del mundo de la ac\u00fastica, el confort y la sostenibilidad.\" \/>\n<meta property=\"og:url\" content=\"https:\/\/espacioaretha.com\/explora\/video-series\/acustica-diseno-y-sostenibilidad\/\" \/>\n<meta property=\"og:site_name\" content=\"Aretha Explora\" \/>\n<meta property=\"article:modified_time\" content=\"2025-05-29T11:52:33+00:00\" \/>\n<meta property=\"og:image\" content=\"https:\/\/espacioaretha.com\/explora\/wp-content\/uploads\/2024\/07\/SS12_-Ponencia-Echojazz.jpg\" \/>\n\t<meta property=\"og:image:width\" content=\"1862\" \/>\n\t<meta property=\"og:image:height\" content=\"1080\" \/>\n\t<meta property=\"og:image:type\" content=\"image\/jpeg\" \/>\n<meta name=\"twitter:card\" content=\"summary_large_image\" \/>\n<meta name=\"twitter:title\" content=\"Soluciones de acondicionamiento ac\u00fastico de Echojazz | Aretha Explora\" \/>\n<meta name=\"twitter:description\" content=\"Eckart Scheumann, director comercial de la firma suiza Echojazz, nos gu\u00eda a trav\u00e9s del mundo de la ac\u00fastica, el confort y la sostenibilidad.\" \/>\n<meta name=\"twitter:image\" content=\"https:\/\/espacioaretha.com\/explora\/wp-content\/uploads\/2024\/07\/SS12_-Ponencia-Echojazz.jpg\" \/>\n<meta name=\"twitter:label1\" content=\"Tiempo de lectura\" \/>\n\t<meta name=\"twitter:data1\" content=\"1 minuto\" \/>\n<script type=\"application\/ld+json\" class=\"yoast-schema-graph\">{\"@context\":\"https:\\\/\\\/schema.org\",\"@graph\":[{\"@type\":\"WebPage\",\"@id\":\"https:\\\/\\\/espacioaretha.com\\\/explora\\\/video-series\\\/acustica-diseno-y-sostenibilidad\\\/\",\"url\":\"https:\\\/\\\/espacioaretha.com\\\/explora\\\/video-series\\\/acustica-diseno-y-sostenibilidad\\\/\",\"name\":\"Soluciones de acondicionamiento ac\u00fastico de Echojazz\",\"isPartOf\":{\"@id\":\"https:\\\/\\\/espacioaretha.com\\\/explora\\\/#website\"},\"primaryImageOfPage\":{\"@id\":\"https:\\\/\\\/espacioaretha.com\\\/explora\\\/video-series\\\/acustica-diseno-y-sostenibilidad\\\/#primaryimage\"},\"image\":{\"@id\":\"https:\\\/\\\/espacioaretha.com\\\/explora\\\/video-series\\\/acustica-diseno-y-sostenibilidad\\\/#primaryimage\"},\"thumbnailUrl\":\"https:\\\/\\\/espacioaretha.com\\\/explora\\\/wp-content\\\/uploads\\\/2024\\\/07\\\/SS12_-Ponencia-Echojazz.jpg\",\"datePublished\":\"2023-09-27T10:00:00+00:00\",\"dateModified\":\"2025-05-29T11:52:33+00:00\",\"description\":\"Eckart Scheumann, director comercial de la firma suiza Echojazz, nos gu\u00eda a trav\u00e9s del mundo de la ac\u00fastica, el confort y la sostenibilidad.\",\"breadcrumb\":{\"@id\":\"https:\\\/\\\/espacioaretha.com\\\/explora\\\/video-series\\\/acustica-diseno-y-sostenibilidad\\\/#breadcrumb\"},\"inLanguage\":\"es\",\"potentialAction\":[{\"@type\":\"ReadAction\",\"target\":[\"https:\\\/\\\/espacioaretha.com\\\/explora\\\/video-series\\\/acustica-diseno-y-sostenibilidad\\\/\"]}]},{\"@type\":\"ImageObject\",\"inLanguage\":\"es\",\"@id\":\"https:\\\/\\\/espacioaretha.com\\\/explora\\\/video-series\\\/acustica-diseno-y-sostenibilidad\\\/#primaryimage\",\"url\":\"https:\\\/\\\/espacioaretha.com\\\/explora\\\/wp-content\\\/uploads\\\/2024\\\/07\\\/SS12_-Ponencia-Echojazz.jpg\",\"contentUrl\":\"https:\\\/\\\/espacioaretha.com\\\/explora\\\/wp-content\\\/uploads\\\/2024\\\/07\\\/SS12_-Ponencia-Echojazz.jpg\",\"width\":1862,\"height\":1080,\"caption\":\"ponencia echojazz soluciones de acondicionamiento ac\u00fastico\"},{\"@type\":\"BreadcrumbList\",\"@id\":\"https:\\\/\\\/espacioaretha.com\\\/explora\\\/video-series\\\/acustica-diseno-y-sostenibilidad\\\/#breadcrumb\",\"itemListElement\":[{\"@type\":\"ListItem\",\"position\":1,\"name\":\"Portada\",\"item\":\"https:\\\/\\\/espacioaretha.com\\\/explora\\\/\"},{\"@type\":\"ListItem\",\"position\":2,\"name\":\"Video series\",\"item\":\"https:\\\/\\\/espacioaretha.com\\\/explora\\\/video-series\\\/\"},{\"@type\":\"ListItem\",\"position\":3,\"name\":\"Ac\u00fastica, dise\u00f1o y sostenibilidad\"}]},{\"@type\":\"WebSite\",\"@id\":\"https:\\\/\\\/espacioaretha.com\\\/explora\\\/#website\",\"url\":\"https:\\\/\\\/espacioaretha.com\\\/explora\\\/\",\"name\":\"Aretha Explora\",\"description\":\"Plataforma de contenidos e inspiraci\u00f3n sobre arquitectura, dise\u00f1o y mucho m\u00e1s\",\"publisher\":{\"@id\":\"https:\\\/\\\/espacioaretha.com\\\/explora\\\/#organization\"},\"potentialAction\":[{\"@type\":\"SearchAction\",\"target\":{\"@type\":\"EntryPoint\",\"urlTemplate\":\"https:\\\/\\\/espacioaretha.com\\\/explora\\\/?s={search_term_string}\"},\"query-input\":{\"@type\":\"PropertyValueSpecification\",\"valueRequired\":true,\"valueName\":\"search_term_string\"}}],\"inLanguage\":\"es\"},{\"@type\":\"Organization\",\"@id\":\"https:\\\/\\\/espacioaretha.com\\\/explora\\\/#organization\",\"name\":\"Aretha Explora\",\"alternateName\":\"Aretha\",\"url\":\"https:\\\/\\\/espacioaretha.com\\\/explora\\\/\",\"logo\":{\"@type\":\"ImageObject\",\"inLanguage\":\"es\",\"@id\":\"https:\\\/\\\/espacioaretha.com\\\/explora\\\/#\\\/schema\\\/logo\\\/image\\\/\",\"url\":\"https:\\\/\\\/espacioaretha.com\\\/explora\\\/wp-content\\\/uploads\\\/2022\\\/05\\\/Ojo-web.jpg\",\"contentUrl\":\"https:\\\/\\\/espacioaretha.com\\\/explora\\\/wp-content\\\/uploads\\\/2022\\\/05\\\/Ojo-web.jpg\",\"width\":1920,\"height\":1080,\"caption\":\"Aretha Explora\"},\"image\":{\"@id\":\"https:\\\/\\\/espacioaretha.com\\\/explora\\\/#\\\/schema\\\/logo\\\/image\\\/\"}}]}<\/script>\n<!-- \/ Yoast SEO plugin. -->","yoast_head_json":{"title":"Soluciones de acondicionamiento ac\u00fastico de Echojazz","description":"Eckart Scheumann, director comercial de la firma suiza Echojazz, nos gu\u00eda a trav\u00e9s del mundo de la ac\u00fastica, el confort y la sostenibilidad.","robots":{"index":"index","follow":"follow","max-snippet":"max-snippet:-1","max-image-preview":"max-image-preview:large","max-video-preview":"max-video-preview:-1"},"canonical":"https:\/\/espacioaretha.com\/explora\/video-series\/acustica-diseno-y-sostenibilidad\/","og_locale":"es_ES","og_type":"article","og_title":"Soluciones de acondicionamiento ac\u00fastico de Echojazz | Aretha Explora","og_description":"Eckart Scheumann, director comercial de la firma suiza Echojazz, nos gu\u00eda a trav\u00e9s del mundo de la ac\u00fastica, el confort y la sostenibilidad.","og_url":"https:\/\/espacioaretha.com\/explora\/video-series\/acustica-diseno-y-sostenibilidad\/","og_site_name":"Aretha Explora","article_modified_time":"2025-05-29T11:52:33+00:00","og_image":[{"width":1862,"height":1080,"url":"https:\/\/espacioaretha.com\/explora\/wp-content\/uploads\/2024\/07\/SS12_-Ponencia-Echojazz.jpg","type":"image\/jpeg"}],"twitter_card":"summary_large_image","twitter_title":"Soluciones de acondicionamiento ac\u00fastico de Echojazz | Aretha Explora","twitter_description":"Eckart Scheumann, director comercial de la firma suiza Echojazz, nos gu\u00eda a trav\u00e9s del mundo de la ac\u00fastica, el confort y la sostenibilidad.","twitter_image":"https:\/\/espacioaretha.com\/explora\/wp-content\/uploads\/2024\/07\/SS12_-Ponencia-Echojazz.jpg","twitter_misc":{"Tiempo de lectura":"1 minuto"},"schema":{"@context":"https:\/\/schema.org","@graph":[{"@type":"WebPage","@id":"https:\/\/espacioaretha.com\/explora\/video-series\/acustica-diseno-y-sostenibilidad\/","url":"https:\/\/espacioaretha.com\/explora\/video-series\/acustica-diseno-y-sostenibilidad\/","name":"Soluciones de acondicionamiento ac\u00fastico de Echojazz","isPartOf":{"@id":"https:\/\/espacioaretha.com\/explora\/#website"},"primaryImageOfPage":{"@id":"https:\/\/espacioaretha.com\/explora\/video-series\/acustica-diseno-y-sostenibilidad\/#primaryimage"},"image":{"@id":"https:\/\/espacioaretha.com\/explora\/video-series\/acustica-diseno-y-sostenibilidad\/#primaryimage"},"thumbnailUrl":"https:\/\/espacioaretha.com\/explora\/wp-content\/uploads\/2024\/07\/SS12_-Ponencia-Echojazz.jpg","datePublished":"2023-09-27T10:00:00+00:00","dateModified":"2025-05-29T11:52:33+00:00","description":"Eckart Scheumann, director comercial de la firma suiza Echojazz, nos gu\u00eda a trav\u00e9s del mundo de la ac\u00fastica, el confort y la sostenibilidad.","breadcrumb":{"@id":"https:\/\/espacioaretha.com\/explora\/video-series\/acustica-diseno-y-sostenibilidad\/#breadcrumb"},"inLanguage":"es","potentialAction":[{"@type":"ReadAction","target":["https:\/\/espacioaretha.com\/explora\/video-series\/acustica-diseno-y-sostenibilidad\/"]}]},{"@type":"ImageObject","inLanguage":"es","@id":"https:\/\/espacioaretha.com\/explora\/video-series\/acustica-diseno-y-sostenibilidad\/#primaryimage","url":"https:\/\/espacioaretha.com\/explora\/wp-content\/uploads\/2024\/07\/SS12_-Ponencia-Echojazz.jpg","contentUrl":"https:\/\/espacioaretha.com\/explora\/wp-content\/uploads\/2024\/07\/SS12_-Ponencia-Echojazz.jpg","width":1862,"height":1080,"caption":"ponencia echojazz soluciones de acondicionamiento ac\u00fastico"},{"@type":"BreadcrumbList","@id":"https:\/\/espacioaretha.com\/explora\/video-series\/acustica-diseno-y-sostenibilidad\/#breadcrumb","itemListElement":[{"@type":"ListItem","position":1,"name":"Portada","item":"https:\/\/espacioaretha.com\/explora\/"},{"@type":"ListItem","position":2,"name":"Video series","item":"https:\/\/espacioaretha.com\/explora\/video-series\/"},{"@type":"ListItem","position":3,"name":"Ac\u00fastica, dise\u00f1o y sostenibilidad"}]},{"@type":"WebSite","@id":"https:\/\/espacioaretha.com\/explora\/#website","url":"https:\/\/espacioaretha.com\/explora\/","name":"Aretha Explora","description":"Plataforma de contenidos e inspiraci\u00f3n sobre arquitectura, dise\u00f1o y mucho m\u00e1s","publisher":{"@id":"https:\/\/espacioaretha.com\/explora\/#organization"},"potentialAction":[{"@type":"SearchAction","target":{"@type":"EntryPoint","urlTemplate":"https:\/\/espacioaretha.com\/explora\/?s={search_term_string}"},"query-input":{"@type":"PropertyValueSpecification","valueRequired":true,"valueName":"search_term_string"}}],"inLanguage":"es"},{"@type":"Organization","@id":"https:\/\/espacioaretha.com\/explora\/#organization","name":"Aretha Explora","alternateName":"Aretha","url":"https:\/\/espacioaretha.com\/explora\/","logo":{"@type":"ImageObject","inLanguage":"es","@id":"https:\/\/espacioaretha.com\/explora\/#\/schema\/logo\/image\/","url":"https:\/\/espacioaretha.com\/explora\/wp-content\/uploads\/2022\/05\/Ojo-web.jpg","contentUrl":"https:\/\/espacioaretha.com\/explora\/wp-content\/uploads\/2022\/05\/Ojo-web.jpg","width":1920,"height":1080,"caption":"Aretha Explora"},"image":{"@id":"https:\/\/espacioaretha.com\/explora\/#\/schema\/logo\/image\/"}}]}},"_links":{"self":[{"href":"https:\/\/espacioaretha.com\/explora\/wp-json\/wp\/v2\/video_serie\/4518","targetHints":{"allow":["GET"]}}],"collection":[{"href":"https:\/\/espacioaretha.com\/explora\/wp-json\/wp\/v2\/video_serie"}],"about":[{"href":"https:\/\/espacioaretha.com\/explora\/wp-json\/wp\/v2\/types\/video_serie"}],"author":[{"embeddable":true,"href":"https:\/\/espacioaretha.com\/explora\/wp-json\/wp\/v2\/users\/25"}],"version-history":[{"count":2,"href":"https:\/\/espacioaretha.com\/explora\/wp-json\/wp\/v2\/video_serie\/4518\/revisions"}],"predecessor-version":[{"id":4520,"href":"https:\/\/espacioaretha.com\/explora\/wp-json\/wp\/v2\/video_serie\/4518\/revisions\/4520"}],"wp:featuredmedia":[{"embeddable":true,"href":"https:\/\/espacioaretha.com\/explora\/wp-json\/wp\/v2\/media\/4521"}],"wp:attachment":[{"href":"https:\/\/espacioaretha.com\/explora\/wp-json\/wp\/v2\/media?parent=4518"}],"wp:term":[{"taxonomy":"video_category","embeddable":true,"href":"https:\/\/espacioaretha.com\/explora\/wp-json\/wp\/v2\/video_category?post=4518"},{"taxonomy":"video_tag","embeddable":true,"href":"https:\/\/espacioaretha.com\/explora\/wp-json\/wp\/v2\/video_tag?post=4518"}],"curies":[{"name":"wp","href":"https:\/\/api.w.org\/{rel}","templated":true}]}}